{"id":116,"date":"2011-04-12T22:05:42","date_gmt":"2011-04-12T20:05:42","guid":{"rendered":"http:\/\/www.hundevereinarheilgen.de\/WP3\/?page_id=116"},"modified":"2026-04-11T20:01:58","modified_gmt":"2026-04-11T18:01:58","slug":"vorstand","status":"publish","type":"page","link":"https:\/\/www.hundevereinarheilgen.de\/WP3\/unser-verein\/vorstand\/","title":{"rendered":"Vorstand"},"content":{"rendered":"[et_pb_section fb_built=&#8220;1&#8243; custom_padding_last_edited=&#8220;on|desktop&#8220; admin_label=&#8220;section&#8220; _builder_version=&#8220;4.21.0&#8243; background_color=&#8220;#9ea5bf&#8220; custom_padding_tablet=&#8220;50px|0|50px|0&#8243; custom_padding_phone=&#8220;&#8220; transparent_background=&#8220;off&#8220; padding_mobile=&#8220;off&#8220; make_fullwidth=&#8220;off&#8220; use_custom_width=&#8220;off&#8220; width_unit=&#8220;on&#8220; global_colors_info=&#8220;{}&#8220; theme_builder_area=&#8220;post_content&#8220;][et_pb_row column_structure=&#8220;1_4,1_4,1_4,1_4&#8243; _builder_version=&#8220;4.21.0&#8243; _module_preset=&#8220;default&#8220; global_colors_info=&#8220;{}&#8220; theme_builder_area=&#8220;post_content&#8220;][et_pb_column type=&#8220;1_4&#8243; _builder_version=&#8220;4.21.0&#8243; _module_preset=&#8220;default&#8220; global_colors_info=&#8220;{}&#8220; theme_builder_area=&#8220;post_content&#8220;][et_pb_text _builder_version=&#8220;4.21.0&#8243; _module_preset=&#8220;default&#8220; global_colors_info=&#8220;{}&#8220; theme_builder_area=&#8220;post_content&#8220;]\n<p><a href=\"https:\/\/www.hundevereinarheilgen.de\/WP3\/wp-content\/uploads\/2011\/04\/s\u00f6ren-marquardt.jpg\"><\/a><a href=\"https:\/\/www.hundevereinarheilgen.de\/WP3\/wp-content\/uploads\/2023\/08\/soeren-marquardt_2-jpg.webp\"><img loading=\"lazy\" decoding=\"async\" src=\"https:\/\/www.hundevereinarheilgen.de\/WP3\/wp-content\/uploads\/2023\/08\/soeren-marquardt_2-jpg.webp\" width=\"300\" height=\"300\" alt=\"\" class=\"wp-image-14970 alignnone size-full\" srcset=\"https:\/\/www.hundevereinarheilgen.de\/WP3\/wp-content\/uploads\/2023\/08\/soeren-marquardt_2-jpg.webp 300w, https:\/\/www.hundevereinarheilgen.de\/WP3\/wp-content\/uploads\/2023\/08\/soeren-marquardt_2-150x150.webp 150w\" sizes=\"auto, (max-width: 300px) 100vw, 300px\" \/><\/a><a href=\"https:\/\/www.hundevereinarheilgen.de\/WP3\/wp-content\/uploads\/2011\/04\/s\u00f6ren-marquardt.jpg\"><\/a><\/p>\n<h4 class=\"et_pb_module_header et-fb-editable-element et-fb-editable-element__editing\" data-shortcode-id=\"0.1.0.0-1691682598480\" data-quickaccess-id=\"header\" contenteditable=\"true\">S\u00f6ren Marquardt<\/h4>\n<p>1. Vorsitzender<\/p>\n<p><a href=\"mailto:vorstand@hundevereinarheilgen.de\">Mail<\/a><\/p>\n[\/et_pb_text][\/et_pb_column][et_pb_column type=&#8220;1_4&#8243; _builder_version=&#8220;4.21.0&#8243; _module_preset=&#8220;default&#8220; global_colors_info=&#8220;{}&#8220; theme_builder_area=&#8220;post_content&#8220;][et_pb_text _builder_version=&#8220;4.21.0&#8243; _module_preset=&#8220;default&#8220; global_colors_info=&#8220;{}&#8220; theme_builder_area=&#8220;post_content&#8220;]\n<p><a href=\"https:\/\/www.hundevereinarheilgen.de\/WP3\/wp-content\/uploads\/2011\/04\/s\u00f6ren-marquardt.jpg\"><\/a><a href=\"https:\/\/www.hundevereinarheilgen.de\/WP3\/wp-content\/uploads\/2023\/08\/wolfgang-weber_2-jpg.webp\"><img loading=\"lazy\" decoding=\"async\" src=\"https:\/\/www.hundevereinarheilgen.de\/WP3\/wp-content\/uploads\/2023\/08\/wolfgang-weber_2-jpg.webp\" width=\"300\" height=\"300\" alt=\"\" class=\"wp-image-14999 alignnone size-full\" srcset=\"https:\/\/www.hundevereinarheilgen.de\/WP3\/wp-content\/uploads\/2023\/08\/wolfgang-weber_2-jpg.webp 300w, https:\/\/www.hundevereinarheilgen.de\/WP3\/wp-content\/uploads\/2023\/08\/wolfgang-weber_2-150x150.webp 150w\" sizes=\"auto, (max-width: 300px) 100vw, 300px\" \/><\/a><a href=\"https:\/\/www.hundevereinarheilgen.de\/WP3\/wp-content\/uploads\/2011\/04\/wolfgang-weber.jpg\"><\/a><\/p>\n<h4 class=\"et_pb_module_header et-fb-editable-element et-fb-editable-element__editing\" data-shortcode-id=\"0.1.0.0-1691682598480\" data-quickaccess-id=\"header\" contenteditable=\"true\">Wolfgang Weber<\/h4>\n<p>2. Vorsitzender<\/p>\n<p>Obmann f\u00fcr Gebrauchshundesport (GHS) und Rally Obedience (Rally-O)<\/p>\n<p><a href=\"mailto:vize@hundevereinarheilgen.de\">Mail<\/a><\/p>\n[\/et_pb_text][\/et_pb_column][et_pb_column type=&#8220;1_4&#8243; _builder_version=&#8220;4.21.0&#8243; _module_preset=&#8220;default&#8220; global_colors_info=&#8220;{}&#8220; theme_builder_area=&#8220;post_content&#8220;][et_pb_text _builder_version=&#8220;4.21.0&#8243; _module_preset=&#8220;default&#8220; global_colors_info=&#8220;{}&#8220; theme_builder_area=&#8220;post_content&#8220;]\n<p><a href=\"https:\/\/www.hundevereinarheilgen.de\/WP3\/wp-content\/uploads\/2023\/10\/IMG_4535_300-jpg.webp\"><img loading=\"lazy\" decoding=\"async\" src=\"https:\/\/www.hundevereinarheilgen.de\/WP3\/wp-content\/uploads\/2023\/10\/IMG_4535_300-jpg.webp\" width=\"300\" height=\"300\" alt=\"\" class=\"wp-image-16734 alignnone size-full\" srcset=\"https:\/\/www.hundevereinarheilgen.de\/WP3\/wp-content\/uploads\/2023\/10\/IMG_4535_300-jpg.webp 300w, https:\/\/www.hundevereinarheilgen.de\/WP3\/wp-content\/uploads\/2023\/10\/IMG_4535_300-150x150.webp 150w\" sizes=\"auto, (max-width: 300px) 100vw, 300px\" \/><\/a><a href=\"https:\/\/www.hundevereinarheilgen.de\/WP3\/wp-content\/uploads\/2011\/04\/monika-kanzler-sackreuther.jpg\"><\/a><\/p>\n<h4 class=\"et_pb_module_header et-fb-editable-element et-fb-editable-element__editing\" data-shortcode-id=\"0.1.0.0-1691682598480\" data-quickaccess-id=\"header\" contenteditable=\"true\">Monika Kanzler-Sackreuther<\/h4>\n<p>Kassenwartin<\/p>\n<p><a href=\"mailto:kasse@hundevereinarheilgen.de\">Mail<\/a><\/p>\n[\/et_pb_text][\/et_pb_column][et_pb_column type=&#8220;1_4&#8243; _builder_version=&#8220;4.21.0&#8243; _module_preset=&#8220;default&#8220; global_colors_info=&#8220;{}&#8220; theme_builder_area=&#8220;post_content&#8220;][et_pb_text _builder_version=&#8220;4.21.0&#8243; _module_preset=&#8220;default&#8220; global_colors_info=&#8220;{}&#8220; theme_builder_area=&#8220;post_content&#8220;]\n<p><a href=\"https:\/\/www.hundevereinarheilgen.de\/WP3\/wp-content\/uploads\/2011\/04\/tanja-hesse-2.jpg\"><\/a><a href=\"https:\/\/www.hundevereinarheilgen.de\/WP3\/wp-content\/uploads\/2016\/11\/cropped-Favicon-RSGV-DA-Arheilgen.png\"><\/a><a href=\"https:\/\/www.hundevereinarheilgen.de\/WP3\/wp-content\/uploads\/2025\/03\/Sandra-Sonnabend.jpg\"><\/a><a href=\"https:\/\/www.hundevereinarheilgen.de\/WP3\/wp-content\/uploads\/2025\/03\/Sandra-Sonnabend2.jpg\"><img loading=\"lazy\" decoding=\"async\" src=\"https:\/\/www.hundevereinarheilgen.de\/WP3\/wp-content\/uploads\/2025\/03\/Sandra-Sonnabend2-300x300.jpg\" width=\"300\" height=\"300\" alt=\"\" class=\"wp-image-19148 alignnone size-medium\" \/><\/a><a href=\"https:\/\/www.hundevereinarheilgen.de\/WP3\/wp-content\/uploads\/2025\/03\/Sandra-Sonnabend.jpg\"><\/a><\/p>\n<h4 class=\"et_pb_module_header et-fb-editable-element et-fb-editable-element__editing\" data-shortcode-id=\"0.1.0.0-1691682598480\" data-quickaccess-id=\"header\" contenteditable=\"true\"><span>Sandra Sonnabend<\/span><\/h4>\n<p>Schriftf\u00fchrerin<\/p>\n<p><a href=\"mailto:schriftfuehrung@hundevereinarheilgen.de\">Mail<\/a><\/p>\n[\/et_pb_text][\/et_pb_column][\/et_pb_row][et_pb_row column_structure=&#8220;1_4,1_4,1_4,1_4&#8243; _builder_version=&#8220;4.21.0&#8243; _module_preset=&#8220;default&#8220; global_colors_info=&#8220;{}&#8220; theme_builder_area=&#8220;post_content&#8220;][et_pb_column type=&#8220;1_4&#8243; _builder_version=&#8220;4.21.0&#8243; _module_preset=&#8220;default&#8220; global_colors_info=&#8220;{}&#8220; theme_builder_area=&#8220;post_content&#8220;][et_pb_text _builder_version=&#8220;4.21.0&#8243; _module_preset=&#8220;default&#8220; global_colors_info=&#8220;{}&#8220; theme_builder_area=&#8220;post_content&#8220;]\n<p><a href=\"https:\/\/www.hundevereinarheilgen.de\/WP3\/wp-content\/uploads\/2023\/08\/andrea-witzel_1-jpg.webp\"><img loading=\"lazy\" decoding=\"async\" src=\"https:\/\/www.hundevereinarheilgen.de\/WP3\/wp-content\/uploads\/2023\/08\/andrea-witzel_1-jpg.webp\" width=\"300\" height=\"300\" alt=\"\" class=\"wp-image-14977 alignnone size-full\" srcset=\"https:\/\/www.hundevereinarheilgen.de\/WP3\/wp-content\/uploads\/2023\/08\/andrea-witzel_1-jpg.webp 300w, https:\/\/www.hundevereinarheilgen.de\/WP3\/wp-content\/uploads\/2023\/08\/andrea-witzel_1-150x150.webp 150w\" sizes=\"auto, (max-width: 300px) 100vw, 300px\" \/><\/a><a href=\"https:\/\/www.hundevereinarheilgen.de\/WP3\/wp-content\/uploads\/2011\/04\/Andrea_Witzel.jpg\"><\/a><\/p>\n<h4 class=\"et_pb_module_header et-fb-editable-element et-fb-editable-element__editing\" data-shortcode-id=\"0.1.0.0-1691682598480\" data-quickaccess-id=\"header\" contenteditable=\"true\">Andrea Witzel<\/h4>\n<p>Obfrau f\u00fcr \u00d6ffentlichkeitsarbeit<\/p>\n<p><a href=\"mailto:presse@hundevereinarheilgen.de\">Mail<\/a><\/p>\n[\/et_pb_text][\/et_pb_column][et_pb_column type=&#8220;1_4&#8243; _builder_version=&#8220;4.21.0&#8243; _module_preset=&#8220;default&#8220; global_colors_info=&#8220;{}&#8220; theme_builder_area=&#8220;post_content&#8220;][et_pb_text _builder_version=&#8220;4.21.0&#8243; _module_preset=&#8220;default&#8220; global_colors_info=&#8220;{}&#8220; theme_builder_area=&#8220;post_content&#8220;]\n<p><a href=\"https:\/\/www.hundevereinarheilgen.de\/WP3\/wp-content\/uploads\/2023\/08\/susanne-horst_2-jpg.webp\"><\/a><a href=\"https:\/\/www.hundevereinarheilgen.de\/WP3\/wp-content\/uploads\/2024\/03\/susanne-horst_600-jpg.webp\"><img loading=\"lazy\" decoding=\"async\" src=\"https:\/\/www.hundevereinarheilgen.de\/WP3\/wp-content\/uploads\/2024\/03\/susanne-horst_600-300x300.webp\" width=\"300\" height=\"300\" alt=\"\" class=\"wp-image-17452 alignnone size-medium\" srcset=\"https:\/\/www.hundevereinarheilgen.de\/WP3\/wp-content\/uploads\/2024\/03\/susanne-horst_600-300x300.webp 300w, https:\/\/www.hundevereinarheilgen.de\/WP3\/wp-content\/uploads\/2024\/03\/susanne-horst_600-150x150.webp 150w, https:\/\/www.hundevereinarheilgen.de\/WP3\/wp-content\/uploads\/2024\/03\/susanne-horst_600-480x480.webp 480w, https:\/\/www.hundevereinarheilgen.de\/WP3\/wp-content\/uploads\/2024\/03\/susanne-horst_600-jpg.webp 600w\" sizes=\"auto, (max-width: 300px) 100vw, 300px\" \/><\/a><a href=\"https:\/\/www.hundevereinarheilgen.de\/WP3\/wp-content\/uploads\/2023\/08\/susanne-horst_2-jpg.webp\"><\/a><a href=\"https:\/\/www.hundevereinarheilgen.de\/WP3\/wp-content\/uploads\/2011\/03\/susanne-horst.jpg\"><\/a><\/p>\n<h4 class=\"et_pb_module_header et-fb-editable-element et-fb-editable-element__editing\" data-shortcode-id=\"0.1.0.0-1691682598480\" data-quickaccess-id=\"header\" contenteditable=\"true\">Susanne Horst<\/h4>\n<p>Obfrau f\u00fcr Welpen &amp; Junghunde<br \/><a href=\"mailto:welpen@hundevereinarheilgen.de\">Mail<\/a><\/p>\n<p>Beisitzerin f\u00fcr die Fun-Gruppen<br \/><a href=\"mailto:fungruppe@hundevereinarheilgen.de\">Mail<\/a><\/p>\n[\/et_pb_text][\/et_pb_column][et_pb_column type=&#8220;1_4&#8243; _builder_version=&#8220;4.21.0&#8243; _module_preset=&#8220;default&#8220; global_colors_info=&#8220;{}&#8220; theme_builder_area=&#8220;post_content&#8220;][et_pb_text _builder_version=&#8220;4.21.0&#8243; _module_preset=&#8220;default&#8220; global_colors_info=&#8220;{}&#8220; theme_builder_area=&#8220;post_content&#8220;]\n<p><a href=\"https:\/\/www.hundevereinarheilgen.de\/WP3\/wp-content\/uploads\/2011\/04\/monika-kanzler-sackreuther.jpg\"><\/a><a href=\"https:\/\/www.hundevereinarheilgen.de\/WP3\/wp-content\/uploads\/2023\/08\/roland-griesch_2-jpg.webp\"><img loading=\"lazy\" decoding=\"async\" src=\"https:\/\/www.hundevereinarheilgen.de\/WP3\/wp-content\/uploads\/2023\/08\/roland-griesch_2-jpg.webp\" width=\"300\" height=\"300\" alt=\"\" class=\"wp-image-15003 alignnone size-full\" srcset=\"https:\/\/www.hundevereinarheilgen.de\/WP3\/wp-content\/uploads\/2023\/08\/roland-griesch_2-jpg.webp 300w, https:\/\/www.hundevereinarheilgen.de\/WP3\/wp-content\/uploads\/2023\/08\/roland-griesch_2-150x150.webp 150w\" sizes=\"auto, (max-width: 300px) 100vw, 300px\" \/><\/a><a href=\"https:\/\/www.hundevereinarheilgen.de\/WP3\/wp-content\/uploads\/2011\/04\/roland-griesch.jpg\"><\/a><a href=\"https:\/\/www.hundevereinarheilgen.de\/WP3\/wp-content\/uploads\/2011\/04\/monika-kanzler-sackreuther.jpg\"><\/a><\/p>\n<h4 class=\"et_pb_module_header et-fb-editable-element et-fb-editable-element__editing\" data-shortcode-id=\"0.1.0.0-1691682598480\" data-quickaccess-id=\"header\" contenteditable=\"true\">Roland Griesch<\/h4>\n<p>Obmann f\u00fcr Obedience (OBI)<br \/><a href=\"mailto:obi@hundevereinarheilgen.de\">Mail<\/a><\/p>\n[\/et_pb_text][\/et_pb_column][et_pb_column type=&#8220;1_4&#8243; _builder_version=&#8220;4.21.0&#8243; _module_preset=&#8220;default&#8220; global_colors_info=&#8220;{}&#8220; theme_builder_area=&#8220;post_content&#8220;][et_pb_text _builder_version=&#8220;4.21.0&#8243; _module_preset=&#8220;default&#8220; global_colors_info=&#8220;{}&#8220; theme_builder_area=&#8220;post_content&#8220;]\n<h4 class=\"et_pb_module_header\"><a href=\"https:\/\/www.hundevereinarheilgen.de\/WP3\/wp-content\/uploads\/2011\/04\/walburga-m\u00fcller.jpg\"><\/a><a href=\"https:\/\/www.hundevereinarheilgen.de\/WP3\/wp-content\/uploads\/2016\/11\/Favicon-RSGV-DA-Arheilgen.png\"><\/a><a href=\"https:\/\/www.hundevereinarheilgen.de\/WP3\/wp-content\/uploads\/2025\/03\/Jugend-e1741451542742.jpg\"><img loading=\"lazy\" decoding=\"async\" src=\"https:\/\/www.hundevereinarheilgen.de\/WP3\/wp-content\/uploads\/2025\/03\/Jugend-300x300.jpg\" width=\"300\" height=\"300\" alt=\"\" class=\"wp-image-19144 alignnone size-medium\" \/><\/a><a href=\"https:\/\/www.hundevereinarheilgen.de\/WP3\/wp-content\/uploads\/2016\/11\/Favicon-RSGV-DA-Arheilgen.png\"><\/a><\/h4>\n<h4><span>Christina Horst<\/span><\/h4>\n<p>Obfrau f\u00fcr Jugend<\/p>\n<div>\n<p><a href=\"mailto:jugend@hundevereinarheilgen.de\">Mail<\/a><\/p>\n<\/div>\n[\/et_pb_text][\/et_pb_column][\/et_pb_row][et_pb_row column_structure=&#8220;1_4,1_4,1_4,1_4&#8243; _builder_version=&#8220;4.21.0&#8243; _module_preset=&#8220;default&#8220; global_colors_info=&#8220;{}&#8220; theme_builder_area=&#8220;post_content&#8220;][et_pb_column type=&#8220;1_4&#8243; _builder_version=&#8220;4.21.0&#8243; _module_preset=&#8220;default&#8220; global_colors_info=&#8220;{}&#8220; theme_builder_area=&#8220;post_content&#8220;][et_pb_text _builder_version=&#8220;4.21.0&#8243; _module_preset=&#8220;default&#8220; global_colors_info=&#8220;{}&#8220; theme_builder_area=&#8220;post_content&#8220;]\n<p><a href=\"https:\/\/www.hundevereinarheilgen.de\/WP3\/wp-content\/uploads\/2023\/08\/Ruth-Pfaff_2-jpg.webp\"><\/a><a href=\"https:\/\/www.hundevereinarheilgen.de\/WP3\/wp-content\/uploads\/2025\/03\/Sabine-Froehlich.jpg\"><img loading=\"lazy\" decoding=\"async\" src=\"https:\/\/www.hundevereinarheilgen.de\/WP3\/wp-content\/uploads\/2025\/03\/Sabine-Froehlich-300x300.jpg\" width=\"300\" height=\"300\" alt=\"\" class=\"wp-image-19134 alignnone size-medium\" \/><\/a><a href=\"https:\/\/www.hundevereinarheilgen.de\/WP3\/wp-content\/uploads\/2023\/08\/Ruth-Pfaff_2-jpg.webp\"><\/a><\/p>\n<h4><span>Sabine Fr\u00f6hlich<\/span><\/h4>\n<p>Beisitzerin f\u00fcr Hoopers<\/p>\n<p><a href=\"mailto:hoopers@hundevereinarheilgen.de\">Mail<\/a><\/p>\n[\/et_pb_text][\/et_pb_column][et_pb_column type=&#8220;1_4&#8243; _builder_version=&#8220;4.21.0&#8243; _module_preset=&#8220;default&#8220; global_colors_info=&#8220;{}&#8220; theme_builder_area=&#8220;post_content&#8220;][et_pb_text _builder_version=&#8220;4.21.0&#8243; _module_preset=&#8220;default&#8220; global_colors_info=&#8220;{}&#8220; theme_builder_area=&#8220;post_content&#8220;]\n<p><a href=\"https:\/\/www.hundevereinarheilgen.de\/WP3\/wp-content\/uploads\/2023\/08\/Ruth-Pfaff_2-jpg.webp\"><\/a><a href=\"https:\/\/www.hundevereinarheilgen.de\/WP3\/wp-content\/uploads\/2023\/10\/Eva-Ittner_3-jpg.webp\"><img loading=\"lazy\" decoding=\"async\" src=\"https:\/\/www.hundevereinarheilgen.de\/WP3\/wp-content\/uploads\/2023\/10\/Eva-Ittner_3-jpg.webp\" width=\"300\" height=\"300\" alt=\"\" class=\"wp-image-16805 alignnone size-full\" srcset=\"https:\/\/www.hundevereinarheilgen.de\/WP3\/wp-content\/uploads\/2023\/10\/Eva-Ittner_3-jpg.webp 300w, https:\/\/www.hundevereinarheilgen.de\/WP3\/wp-content\/uploads\/2023\/10\/Eva-Ittner_3-150x150.webp 150w\" sizes=\"auto, (max-width: 300px) 100vw, 300px\" \/><\/a><\/p>\n<h4>Eva Ittner<\/h4>\n<p>Beisitzerin f\u00fcr Sp\u00fcrhundsport<\/p>\n<p><a href=\"mailto:shs@hundevereinarheilgen.de\">Mail<\/a><\/p>\n[\/et_pb_text][\/et_pb_column][et_pb_column type=&#8220;1_4&#8243; _builder_version=&#8220;4.21.0&#8243; _module_preset=&#8220;default&#8220; global_colors_info=&#8220;{}&#8220; theme_builder_area=&#8220;post_content&#8220;][et_pb_text _builder_version=&#8220;4.21.0&#8243; _module_preset=&#8220;default&#8220; global_colors_info=&#8220;{}&#8220; theme_builder_area=&#8220;post_content&#8220;]\n<p><a href=\"https:\/\/www.hundevereinarheilgen.de\/WP3\/wp-content\/uploads\/2016\/11\/Favicon-RSGV-DA-Arheilgen.png\"><\/a><a href=\"https:\/\/www.hundevereinarheilgen.de\/WP3\/wp-content\/uploads\/2025\/03\/platzwart.png\"><\/a><a href=\"https:\/\/www.hundevereinarheilgen.de\/WP3\/wp-content\/uploads\/2025\/03\/Platzwart2.jpg\"><\/a><a href=\"https:\/\/www.hundevereinarheilgen.de\/WP3\/wp-content\/uploads\/2025\/03\/Can-Leon-Kuehne.jpg\"><img loading=\"lazy\" decoding=\"async\" src=\"https:\/\/www.hundevereinarheilgen.de\/WP3\/wp-content\/uploads\/2025\/03\/Can-Leon-Kuehne-300x300.jpg\" width=\"300\" height=\"300\" alt=\"\" class=\"wp-image-19165 alignnone size-medium\" \/><\/a><a href=\"https:\/\/www.hundevereinarheilgen.de\/WP3\/wp-content\/uploads\/2025\/03\/Platzwart2.jpg\"><\/a><\/p>\n<h4><span>Can-Leon K\u00fchne<\/span><\/h4>\n<p>Platzwart<\/p>\n<p><a href=\"mailto:platz@hundevereinarheilgen.de\">Mail<\/a><\/p>\n[\/et_pb_text][\/et_pb_column][et_pb_column type=&#8220;1_4&#8243; _builder_version=&#8220;4.21.0&#8243; _module_preset=&#8220;default&#8220; global_colors_info=&#8220;{}&#8220; theme_builder_area=&#8220;post_content&#8220;][et_pb_text _builder_version=&#8220;4.21.0&#8243; _module_preset=&#8220;default&#8220; hover_enabled=&#8220;0&#8243; global_colors_info=&#8220;{}&#8220; theme_builder_area=&#8220;post_content&#8220; sticky_enabled=&#8220;0&#8243;]\n<p><a href=\"https:\/\/www.hundevereinarheilgen.de\/WP3\/wp-content\/uploads\/2016\/11\/Favicon-RSGV-DA-Arheilgen.png\"><\/a><a href=\"https:\/\/www.hundevereinarheilgen.de\/WP3\/wp-content\/uploads\/2025\/03\/platzwart.png\"><\/a><a href=\"https:\/\/www.hundevereinarheilgen.de\/WP3\/wp-content\/uploads\/2025\/03\/Platzwart2.jpg\"><\/a><a href=\"https:\/\/www.hundevereinarheilgen.de\/WP3\/wp-content\/uploads\/2025\/03\/Can-Leon-Kuehne.jpg\"><\/a><a href=\"https:\/\/www.hundevereinarheilgen.de\/WP3\/wp-content\/uploads\/2026\/04\/Vereinsmanagement.jpg\"><img loading=\"lazy\" decoding=\"async\" src=\"https:\/\/www.hundevereinarheilgen.de\/WP3\/wp-content\/uploads\/2026\/04\/Vereinsmanagement-300x300.jpg\" width=\"300\" height=\"300\" alt=\"\" class=\"wp-image-21556 alignnone size-medium\" \/><\/a><a href=\"https:\/\/www.hundevereinarheilgen.de\/WP3\/wp-content\/uploads\/2025\/03\/Can-Leon-Kuehne.jpg\"><\/a><a href=\"https:\/\/www.hundevereinarheilgen.de\/WP3\/wp-content\/uploads\/2025\/03\/Platzwart2.jpg\"><\/a><\/p>\n<h4>Maria Peter<\/h4>\n<p><span>Vereinsmanagement<\/span><\/p>\n<p><a href=\"mailto:vereinsmanagement@hundevereinarheilgen.de\">Mail<\/a><\/p>\n[\/et_pb_text][\/et_pb_column][\/et_pb_row][\/et_pb_section]\n","protected":false},"excerpt":{"rendered":"<p>S\u00f6ren Marquardt 1. Vorsitzender Mail Wolfgang Weber 2. Vorsitzender Obmann f\u00fcr Gebrauchshundesport (GHS) und Rally Obedience (Rally-O) Mail Monika Kanzler-Sackreuther Kassenwartin Mail Sandra Sonnabend Schriftf\u00fchrerin Mail Andrea Witzel Obfrau f\u00fcr \u00d6ffentlichkeitsarbeit Mail Susanne Horst Obfrau f\u00fcr Welpen &amp; JunghundeMail Beisitzerin f\u00fcr die Fun-GruppenMail Roland Griesch Obmann f\u00fcr Obedience (OBI)Mail Christina Horst Obfrau f\u00fcr Jugend Mail [&hellip;]<\/p>\n","protected":false},"author":4,"featured_media":0,"parent":99,"menu_order":1,"comment_status":"closed","ping_status":"closed","template":"","meta":{"_et_pb_use_builder":"on","_et_pb_old_content":"<!-- wp:divi\/placeholder -->\r\n<p>&amp;nbsp;<\/p>\r\n<p>[et_pb_section admin_label=\"section\" transparent_background=\"off\" background_color=\"#9ea5bf\" allow_player_pause=\"off\" inner_shadow=\"off\" parallax=\"off\" parallax_method=\"off\" padding_mobile=\"off\" make_fullwidth=\"off\" use_custom_width=\"off\" width_unit=\"on\" make_equal=\"off\" use_custom_gutter=\"off\"][et_pb_row admin_label=\"row\" make_fullwidth=\"off\" use_custom_width=\"off\" width_unit=\"on\" use_custom_gutter=\"off\" padding_mobile=\"off\" background_color=\"#9ea5bf\" allow_player_pause=\"off\" parallax=\"off\" parallax_method=\"off\" make_equal=\"off\" parallax_1=\"off\" parallax_method_1=\"off\" column_padding_mobile=\"on\"][et_pb_column type=\"4_4\"][et_pb_text admin_label=\"Text\" background_layout=\"light\" text_orientation=\"left\" use_border_color=\"off\" border_color=\"#ffffff\" border_style=\"solid\"] &nbsp;<\/p>\r\n<h2>Den Vorstand des RSGV DA-Arheilgen bilden:<\/h2>\r\n<p>[\/et_pb_text][\/et_pb_column][\/et_pb_row][et_pb_row admin_label=\"Zeile\"][et_pb_column type=\"1_4\"][et_pb_team_member admin_label=\"1.Vorsitzender\" name=\"S\u00f6ren Marquardt\" position=\"1. Vorsitzender\" image_url=\"https:\/\/www.hundevereinarheilgen.de\/WP3\/wp-content\/uploads\/2011\/04\/s\u00f6ren-marquardt.jpg\" animation=\"left\" background_layout=\"light\" use_border_color=\"on\" border_color=\"#002856\" border_style=\"dotted\" body_text_color=\"#001a42\" header_text_color=\"#002856\"] <a href=\"mailto:vorstand@hundevereinarheilgen.de\">Mail<\/a> [\/et_pb_team_member][\/et_pb_column][et_pb_column type=\"1_4\"][et_pb_team_member admin_label=\"2.Vorsitzender\" name=\"Wolfgang Weber\" position=\"2. Vorsitzender\" image_url=\"https:\/\/www.hundevereinarheilgen.de\/WP3\/wp-content\/uploads\/2011\/04\/wolfgang-weber.jpg\" animation=\"left\" background_layout=\"light\" use_border_color=\"on\" border_color=\"#002856\" border_style=\"dotted\" body_text_color=\"#001a42\" header_text_color=\"#002856\"] <a href=\"mailto:vize@hundevereinarheilgen.de\">Mail<\/a> [\/et_pb_team_member][\/et_pb_column][et_pb_column type=\"1_4\"][et_pb_team_member admin_label=\"Kassenwartin\" name=\"Monika Kanzler-Sackreuther\" position=\"Kassenwartin\" animation=\"left\" background_layout=\"light\" use_border_color=\"on\" border_color=\"#002856\" border_style=\"dotted\" body_text_color=\"#001a42\" header_text_color=\"#002856\" image_url=\"https:\/\/www.hundevereinarheilgen.de\/WP3\/wp-content\/uploads\/2011\/04\/monika-kanzler-sackreuther.jpg\"] <a href=\"mailto:kasse@hundevereinarheilgen.de\">Mail<\/a> [\/et_pb_team_member][\/et_pb_column][et_pb_column type=\"1_4\"][et_pb_team_member admin_label=\"Schriftf\u00fchrerin\" name=\"Tanja Hesse\" position=\"Schriftf\u00fchrerin\" animation=\"left\" background_layout=\"light\" use_border_color=\"on\" border_color=\"#002856\" border_style=\"dotted\" body_text_color=\"#001a42\" header_text_color=\"#002856\" image_url=\"https:\/\/www.hundevereinarheilgen.de\/WP3\/wp-content\/uploads\/2011\/04\/tanja-hesse-2.jpg\"] <a href=\"mailto:schriftfuehrung@hundevereinarheilgen.de\">Mail<\/a> [\/et_pb_team_member][\/et_pb_column][\/et_pb_row][et_pb_row admin_label=\"Zeile\"][et_pb_column type=\"1_4\"][et_pb_team_member admin_label=\"Obfrau f\u00fcr Turnierhundsport (THS)\" name=\"Heidrun Pauli\" position=\"Obfrau f\u00fcr Turnierhundsport (THS)\" animation=\"left\" background_layout=\"light\" use_border_color=\"on\" border_color=\"#002856\" border_style=\"dotted\" body_text_color=\"#001a42\" header_text_color=\"#002856\" image_url=\"https:\/\/www.hundevereinarheilgen.de\/WP3\/wp-content\/uploads\/2018\/10\/heidrun.png\"] <a href=\"mailto:ths@hundevereinarheilgen.de\">Mail<\/a> [\/et_pb_team_member][\/et_pb_column][et_pb_column type=\"1_4\"][et_pb_team_member admin_label=\"Obfrau f\u00fcr Welpen &amp; Junghunde\" name=\"Ruth Pfaff\" position=\"Obfrau f\u00fcr Welpen &amp; Junghunde\" animation=\"left\" background_layout=\"light\" use_border_color=\"on\" border_color=\"#002856\" border_style=\"dotted\" body_text_color=\"#001a42\" header_text_color=\"#002856\" image_url=\"https:\/\/www.hundevereinarheilgen.de\/WP3\/wp-content\/uploads\/2020\/07\/IMG_9862_1500.jpg\"] <a href=\"mailto:welpen@hundevereinarheilgen.de\">Mail<\/a> [\/et_pb_team_member][\/et_pb_column][et_pb_column type=\"1_4\"][et_pb_team_member admin_label=\"Obfrau f\u00fcr Jugend\" name=\"Jenny Neumann\" position=\"Obfrau f\u00fcr Jugend\" animation=\"left\" background_layout=\"light\" use_border_color=\"on\" border_color=\"#002856\" border_style=\"dotted\" body_text_color=\"#001a42\" header_text_color=\"#002856\" image_url=\"https:\/\/www.hundevereinarheilgen.de\/WP3\/wp-content\/uploads\/2011\/04\/jenny-neumann.jpg\"] <a href=\"mailto:jugend@hundevereinarheilgen.de\">Mail<\/a> [\/et_pb_team_member][\/et_pb_column][et_pb_column type=\"1_4\"][et_pb_team_member admin_label=\"Obmann f\u00fcr Gebrauchshundesport (GHd\/VPG)\" name=\"Wolfgang Weber\" position=\"Obmann f\u00fcr Gebrauchshundesport (GHS)\" image_url=\"https:\/\/www.hundevereinarheilgen.de\/WP3\/wp-content\/uploads\/2011\/04\/wolfgang-weber.jpg\" animation=\"left\" background_layout=\"light\" use_border_color=\"on\" border_color=\"#002856\" border_style=\"dotted\" body_text_color=\"#001a42\" header_text_color=\"#002856\"] <a href=\"mailto:ghd@hundevereinarheilgen.de\">Mail<\/a> [\/et_pb_team_member][\/et_pb_column][\/et_pb_row][et_pb_row admin_label=\"Zeile\"][et_pb_column type=\"1_4\"][et_pb_team_member admin_label=\"Obmann f\u00fcr Obedience (OBI)\" name=\"Wolfgang Weber\" position=\"Obmann f\u00fcr Obedience (OBI)\" image_url=\"https:\/\/www.hundevereinarheilgen.de\/WP3\/wp-content\/uploads\/2011\/04\/wolfgang-weber.jpg\" animation=\"left\" background_layout=\"light\" use_border_color=\"on\" border_color=\"#002856\" border_style=\"dotted\" body_text_color=\"#001a42\" header_text_color=\"#002856\"] <a href=\"mailto:obi@hundevereinarheilgen.de\">Mail<\/a> Zust\u00e4ndiges Vorstandsmitglied f\u00fcr den Sportbereich Rally-Obedience (RO) [\/et_pb_team_member][\/et_pb_column][et_pb_column type=\"1_4\"][et_pb_team_member admin_label=\"Beisitzer f\u00fcr Sp\u00fcrhundsuche (SHS)\" name=\"Roland Griesch\" position=\"Beisitzer f\u00fcr Sp\u00fcrhundsuche (SHS)\" animation=\"left\" background_layout=\"light\" use_border_color=\"on\" border_color=\"#002856\" border_style=\"dotted\" body_text_color=\"#001a42\" header_text_color=\"#002856\" image_url=\"https:\/\/www.hundevereinarheilgen.de\/WP3\/wp-content\/uploads\/2011\/04\/roland-griesch.jpg\"] <a href=\"mailto:shs@hundevereinarheilgen.de\">Mail<\/a> [\/et_pb_team_member][\/et_pb_column][et_pb_column type=\"1_4\"][et_pb_team_member admin_label=\"Beisitzer f\u00fcr Longieren\" name=\"Walburga M\u00fcller\" position=\"Beisitzer f\u00fcr Longieren\" animation=\"left\" background_layout=\"light\" use_border_color=\"on\" border_color=\"#002856\" border_style=\"dotted\" body_text_color=\"#001a42\" header_text_color=\"#002856\" image_url=\"https:\/\/www.hundevereinarheilgen.de\/WP3\/wp-content\/uploads\/2011\/04\/walburga-m\u00fcller.jpg\"] <a href=\"mailto:longieren@hundevereinarheilgen.de\">Mail<\/a> [\/et_pb_team_member][\/et_pb_column][et_pb_column type=\"1_4\"][et_pb_team_member admin_label=\"Obfrau f\u00fcr \u00d6ffentlichkeitsarbeit\" name=\"Andrea Witzel\" position=\"Obfrau f\u00fcr \u00d6ffentlichkeitsarbeit\" animation=\"left\" background_layout=\"light\" use_border_color=\"on\" border_color=\"#002856\" border_style=\"dotted\" body_text_color=\"#001a42\" header_text_color=\"#002856\" image_url=\"https:\/\/www.hundevereinarheilgen.de\/WP3\/wp-content\/uploads\/2011\/04\/Andrea_Witzel.jpg\"] <a href=\"mailto:presse@hundevereinarheilgen.de\">Mail<\/a> [\/et_pb_team_member][\/et_pb_column][\/et_pb_row][et_pb_row admin_label=\"Zeile\"][et_pb_column type=\"1_4\"][et_pb_team_member admin_label=\"Platzwart\" name=\"Andreas Pfaff\" position=\"Platzwart\" animation=\"left\" background_layout=\"light\" use_border_color=\"on\" border_color=\"#002856\" border_style=\"dotted\" body_text_color=\"#001a42\" header_text_color=\"#002856\" image_url=\"https:\/\/www.hundevereinarheilgen.de\/WP3\/wp-content\/uploads\/2019\/06\/Andreas-Pfaff.jpg\"] <a href=\"mailto:platz@hundevereinarheilgen.de\">Mail<\/a> [\/et_pb_team_member][\/et_pb_column][et_pb_column type=\"1_4\"][\/et_pb_column][et_pb_column type=\"1_4\"][\/et_pb_column][et_pb_column type=\"1_4\"][\/et_pb_column][\/et_pb_row][\/et_pb_section]<\/p>\r\n<p>&nbsp;<\/p>\r\n<!-- \/wp:divi\/placeholder -->","_et_gb_content_width":"","ngg_post_thumbnail":0,"footnotes":"","_wp_rev_ctl_limit":""},"class_list":["post-116","page","type-page","status-publish","hentry"],"_links":{"self":[{"href":"https:\/\/www.hundevereinarheilgen.de\/WP3\/wp-json\/wp\/v2\/pages\/116","targetHints":{"allow":["GET"]}}],"collection":[{"href":"https:\/\/www.hundevereinarheilgen.de\/WP3\/wp-json\/wp\/v2\/pages"}],"about":[{"href":"https:\/\/www.hundevereinarheilgen.de\/WP3\/wp-json\/wp\/v2\/types\/page"}],"author":[{"embeddable":true,"href":"https:\/\/www.hundevereinarheilgen.de\/WP3\/wp-json\/wp\/v2\/users\/4"}],"replies":[{"embeddable":true,"href":"https:\/\/www.hundevereinarheilgen.de\/WP3\/wp-json\/wp\/v2\/comments?post=116"}],"version-history":[{"count":20,"href":"https:\/\/www.hundevereinarheilgen.de\/WP3\/wp-json\/wp\/v2\/pages\/116\/revisions"}],"predecessor-version":[{"id":21558,"href":"https:\/\/www.hundevereinarheilgen.de\/WP3\/wp-json\/wp\/v2\/pages\/116\/revisions\/21558"}],"up":[{"embeddable":true,"href":"https:\/\/www.hundevereinarheilgen.de\/WP3\/wp-json\/wp\/v2\/pages\/99"}],"wp:attachment":[{"href":"https:\/\/www.hundevereinarheilgen.de\/WP3\/wp-json\/wp\/v2\/media?parent=116"}],"curies":[{"name":"wp","href":"https:\/\/api.w.org\/{rel}","templated":true}]}}